{"id":632,"date":"2022-09-13T10:05:20","date_gmt":"2022-09-13T10:05:20","guid":{"rendered":"https:\/\/eomed.org\/fr\/?post_type=advertiz&#038;p=632"},"modified":"2022-09-13T10:05:21","modified_gmt":"2022-09-13T10:05:21","slug":"ific-appel-a-contribution-colloque-international-francophonie-numerique-et-diversite-culturelle-dynamiques-centrifuges-et-centripetes","status":"publish","type":"advertiz","link":"https:\/\/eomed.org\/fr\/advertiz\/ific-appel-a-contribution-colloque-international-francophonie-numerique-et-diversite-culturelle-dynamiques-centrifuges-et-centripetes\/","title":{"rendered":"IFIC- Appel \u00e0 contribution : colloque international \u00ab Francophonie num\u00e9rique et diversit\u00e9 culturelle : dynamiques centrifuges et centrip\u00e8tes \u00bb"},"content":{"rendered":"\n<p>L&#8217;IFIC vous propose de participer \u00e0 l&#8217;appel \u00e0 contribution pour le colloque international<br>\u00ab Francophonie num\u00e9rique et diversit\u00e9 culturelle : dynamiques centrifuges et centrip\u00e8tes\u00bb, organis\u00e9 par l\u2019Universit\u00e9 de Tunis et l\u2019Institut International pour la Francophonie &#8211; Universit\u00e9 Jean Moulin Lyon 3, qui se tiendra les 28 &amp; 29 novembre 2022 \u00e0 Djerba \u00e0 l\u2019occasion du prochain Sommet de la Francophonie.<\/p>\n\n\n\n<p>Information compl\u00e9mentaire : <a rel=\"noreferrer noopener\" href=\"https:\/\/www.auf.org\/nouvelles\/appels-a-candidatures\/appel-contribution-colloque-international-francophonie-numerique-et-diversite-culturelle-dynamiques-centrifuges-et-centripetes\/\" target=\"_blank\">site AU<\/a><a href=\"https:\/\/www.auf.org\/nouvelles\/appels-a-candidatures\/appel-contribution-colloque-international-francophonie-numerique-et-diversite-culturelle-dynamiques-centrifuges-et-centripetes\/\" target=\"_blank\" rel=\"noreferrer noopener\">F<\/a><\/p>\n","protected":false},"excerpt":{"rendered":"<p>L&#8217;IFIC vous propose de participer \u00e0 l&#8217;appel \u00e0 contribution pour le colloque international\u00ab Francophonie num\u00e9rique et diversit\u00e9 culturelle : dynamiques centrifuges et centrip\u00e8tes\u00bb, organis\u00e9 par l\u2019Universit\u00e9 de Tunis et l\u2019Institut International pour la Francophonie &#8211; Universit\u00e9 Jean Moulin Lyon 3, qui se tiendra les 28 &amp; 29 novembre 2022 \u00e0 Djerba \u00e0 l\u2019occasion du prochain &hellip; <\/p>\n<p class=\"link-more\"><a href=\"https:\/\/eomed.org\/fr\/advertiz\/ific-appel-a-contribution-colloque-international-francophonie-numerique-et-diversite-culturelle-dynamiques-centrifuges-et-centripetes\/\" class=\"more-link\">Continue reading<span class=\"screen-reader-text\"> &#8220;IFIC- Appel \u00e0 contribution : colloque international \u00ab Francophonie num\u00e9rique et diversit\u00e9 culturelle : dynamiques centrifuges et centrip\u00e8tes \u00bb&#8221;<\/span><\/a><\/p>\n","protected":false},"featured_media":0,"template":"","meta":{"_acf_changed":false},"advert_cat":[13],"class_list":["post-632","advertiz","type-advertiz","status-publish","hentry","advert_cat-appel-a-projets","entry"],"acf":[],"_links":{"self":[{"href":"https:\/\/eomed.org\/fr\/wp-json\/wp\/v2\/advertiz\/632","targetHints":{"allow":["GET"]}}],"collection":[{"href":"https:\/\/eomed.org\/fr\/wp-json\/wp\/v2\/advertiz"}],"about":[{"href":"https:\/\/eomed.org\/fr\/wp-json\/wp\/v2\/types\/advertiz"}],"wp:attachment":[{"href":"https:\/\/eomed.org\/fr\/wp-json\/wp\/v2\/media?parent=632"}],"wp:term":[{"taxonomy":"advert_cat","embeddable":true,"href":"https:\/\/eomed.org\/fr\/wp-json\/wp\/v2\/advert_cat?post=632"}],"curies":[{"name":"wp","href":"https:\/\/api.w.org\/{rel}","templated":true}]}}